{"id":7892,"date":"2019-05-07T06:40:08","date_gmt":"2019-05-07T04:40:08","guid":{"rendered":"http:\/\/lo6.szczecin.pl\/?page_id=7892"},"modified":"2021-06-22T13:21:14","modified_gmt":"2021-06-22T11:21:14","slug":"przetargi","status":"publish","type":"page","link":"https:\/\/lo6.szczecin.pl\/index.php\/przetargi\/","title":{"rendered":"Przetargi"},"content":{"rendered":"<p style=\"text-align: center;\"><span style=\"color: #003366; font-size: 18pt;\"><strong><img loading=\"lazy\" decoding=\"async\" class=\"alignnone size-full wp-image-7745 alignleft\" src=\"http:\/\/lo6.szczecin.pl\/wp-content\/uploads\/2019\/03\/BIP.jpg\" alt=\"\" width=\"256\" height=\"96\" \/><\/strong><\/span><\/p>\n<p>&nbsp;<\/p>\n<p>&nbsp;<\/p>\n<p>&nbsp;<\/p>\n<p>&nbsp;<\/p>\n<p style=\"text-align: center;\"><span style=\"color: #003366; font-size: 18pt;\"><strong>Przetargi VI LO<\/strong><\/span><\/p>\n<p>&nbsp;<\/p>\n<p style=\"text-align: center;\"><strong>Og\u0142oszenie Nr 03\/2021<\/strong> z dnia 21.06.2021 r.<\/p>\n<p style=\"text-align: center;\"><strong>VI Liceum Og\u00f3lnokszta\u0142c\u0105ce im. Stefana Czarnieckiego w Szczecinie og\u0142asza przetarg na:<\/strong><\/p>\n<p style=\"text-align: center;\"><a href=\"https:\/\/lo6.szczecin.pl\/wp-content\/uploads\/2021\/06\/oferta_sklepik-1.pdf\">Wynajem pomieszcze\u0144 (sklepik szkolny) na terenie VI Liceum Og\u00f3lnokszta\u0142c\u0105cego im. Stefana Czarnieckiego w Szczecinie<\/a><\/p>\n<p>&nbsp;<\/p>\n<p style=\"padding-left: 40px;\">Za\u0142\u0105cznik nr 1 do og\u0142oszenia <strong>NR 03\/2021 <\/strong>&#8211; <a href=\"https:\/\/lo6.szczecin.pl\/wp-content\/uploads\/2021\/06\/formularz_oferty-1.docx\">formularz oferty<\/a><\/p>\n<p style=\"padding-left: 40px;\">Za\u0142\u0105cznik nr 2 do og\u0142oszenia <strong>NR 03\/2021 <\/strong>&#8211; <a href=\"https:\/\/lo6.szczecin.pl\/wp-content\/uploads\/2021\/06\/oswiadczenia_do_oferty_sklepik-1-2.docx\">formularz o\u015bwiadczenia<\/a><\/p>\n<p style=\"padding-left: 40px;\">Za\u0142\u0105cznik nr 3 do og\u0142oszenia <strong>NR 03\/2021<\/strong> &#8211; <a href=\"https:\/\/lo6.szczecin.pl\/wp-content\/uploads\/2021\/06\/Umowa-sklepik-2015-1.doc\">umowa najmu sklepik<\/a><\/p>\n<p>&nbsp;<\/p>\n<p>&nbsp;<\/p>\n<p style=\"text-align: center;\"><strong>Og\u0142oszenie Nr 01\/2021<\/strong>\u00a0z dnia 21.05.2021 r.<\/p>\n<p style=\"text-align: center;\"><strong>VI Liceum Og\u00f3lnokszta\u0142c\u0105ce im. Stefana Czarnieckiego w Szczecinie og\u0142asza przetarg na:<\/strong><\/p>\n<p style=\"text-align: center;\"><a href=\"https:\/\/lo6.szczecin.pl\/wp-content\/uploads\/2021\/05\/Ogloszenie-o-przetargu.pdf\">Wynajem pomieszcze\u0144 na terenie VI Liceum Og\u00f3lnokszta\u0142c\u0105cego im. Stefana Czarnieckiego w Szczecinie<\/a><\/p>\n<p>&nbsp;<\/p>\n<p style=\"padding-left: 40px;\">Za\u0142\u0105cznik nr 1 do og\u0142oszenia <strong>NR 01\/2021 <\/strong>&#8211; <a href=\"https:\/\/lo6.szczecin.pl\/wp-content\/uploads\/2021\/06\/Zalacznik-nr-1.pdf\">formularz oferty<\/a><\/p>\n<p style=\"padding-left: 40px;\">Za\u0142\u0105cznik nr 2 do og\u0142oszenia <strong>NR 01\/2021 <\/strong>&#8211; <a href=\"https:\/\/lo6.szczecin.pl\/wp-content\/uploads\/2021\/05\/Zalacznik-nr-2.pdf\">formularze o\u015bwiadcze\u0144<\/a><\/p>\n<p style=\"padding-left: 40px;\">Za\u0142\u0105cznik nr 3 do og\u0142oszenia <strong>NR 01\/2021<\/strong> &#8211; <a href=\"https:\/\/lo6.szczecin.pl\/wp-content\/uploads\/2021\/06\/Zalacznik-nr-3.pdf\">umowa najmu<\/a><\/p>\n<p style=\"padding-left: 40px;\">Za\u0142\u0105cznik nr 4 do og\u0142oszenia <strong>NR 01\/2021<\/strong> &#8211;\u00a0<a href=\"https:\/\/lo6.szczecin.pl\/wp-content\/uploads\/2021\/05\/Zalacznik-nr-4.pdf\">umowa najmu sali<\/a><\/p>\n<p>&nbsp;<\/p>\n<hr \/>\n<p style=\"text-align: center;\">Og\u0142oszenie nr 612659-N-2019 z dnia 2019-10-21 r.<\/p>\n<p style=\"text-align: center;\"><strong>VI Liceum Og\u00f3lnokszta\u0142c\u0105ce im. Stefana Czarnieckiego w Szczecinie: Wymiana stolarki okiennej na now\u0105 z profili drewnianych wraz z pracami towarzysz\u0105cymi w VI Liceum Og\u00f3lnokszta\u0142c\u0105cym im. Stefana Czarnieckiego w Szczecinie &#8211; cz\u0119\u015b\u0107 2 <\/strong>(opublikowano 21.10.2019 r.)<strong><br \/>\n<\/strong><\/p>\n<p>&nbsp;<\/p>\n<div id=\"io-ox-core\" class=\"abs unselectable\">\n<div id=\"io-ox-screens\" class=\"abs\">\n<div id=\"io-ox-windowmanager\" class=\"abs\">\n<div id=\"io-ox-windowmanager-pane\" class=\"atb\">\n<div id=\"window-0\" class=\"window-container io-ox-mail-window chromeless-window\" data-app-name=\"io.ox\/mail\" data-window-nr=\"0\">\n<div class=\"window-container-center\">\n<div class=\"window-body classic-toolbar-visible\">\n<div class=\"abs window-content vsplit preview-right\">\n<div class=\"rightside mail-detail-pane selection-one\" data-page-id=\"undefined\/detailView\">\n<div class=\"thread-view-control abs\" tabindex=\"-1\">\n<div class=\"thread-view-list scrollable abs\">\n<div class=\"thread-view-header\" aria-label=\"Konwersacja\">\n<p class=\"subject\"><a href=\"http:\/\/lo6.szczecin.pl\/wp-content\/uploads\/2019\/11\/CCF20191108_0001.pdf\"><strong>Informacja o wyborze najkorzystniejszej oferty (opublikowane 08.11.2019 r.)<\/strong><\/a><\/p>\n<\/div>\n<\/div>\n<\/div>\n<\/div>\n<\/div>\n<\/div>\n<\/div>\n<\/div>\n<\/div>\n<\/div>\n<\/div>\n<\/div>\n<p>Sprostowanie do informacji o z\u0142o\u017conych ofertach:<\/p>\n<p>W informacji zamieszczonej w dniu 06.11.2019 r. b\u0142\u0119dnie podano nazw\u0119 firmy w ofercie nr 1 &#8211; prawid\u0142owa nazwa brzmi &#8220;Okna &#8211; Ko\u0142odziejczyk&#8221; Janusz Ko\u0142odziejczyk.<\/p>\n<p><a href=\"http:\/\/lo6.szczecin.pl\/wp-content\/uploads\/2019\/11\/CCF20191106.pdf\"><strong>Informacje o z\u0142o\u017conych ofertach (opublikowane 06.11.2019 r.)<\/strong><\/a><\/p>\n<p>&nbsp;<\/p>\n<p><a href=\"http:\/\/lo6.szczecin.pl\/wp-content\/uploads\/2019\/10\/ogloszenie.pdf\">Og\u0142oszenie<\/a><\/p>\n<p><a href=\"http:\/\/lo6.szczecin.pl\/wp-content\/uploads\/2019\/10\/SIWZ-2019.pdf\">SIWZ<\/a><\/p>\n<p><a href=\"http:\/\/lo6.szczecin.pl\/wp-content\/uploads\/2019\/06\/Specyfikacja-wymiana-stolarki-okiennej.pdf\">Specyfikacja &#8211; wymiana stolarki okiennej<\/a><\/p>\n<p><a href=\"http:\/\/lo6.szczecin.pl\/wp-content\/uploads\/2019\/10\/Zalacznik-nr-1-Formularz-oferty-1.doc\">Za\u0142\u0105cznik nr 1<\/a><\/p>\n<p><a href=\"http:\/\/lo6.szczecin.pl\/wp-content\/uploads\/2019\/10\/Zalacznik-nr-2-Oswiadczenie-dot.-wykluczenia.docx\">Za\u0142\u0105cznik nr 2<\/a><\/p>\n<p><a href=\"http:\/\/lo6.szczecin.pl\/wp-content\/uploads\/2019\/10\/Zalacznik-nr-3-Oswiadczenie-wykonawcy.docx\">Za\u0142\u0105cznik nr 3<\/a><\/p>\n<p><a href=\"http:\/\/lo6.szczecin.pl\/wp-content\/uploads\/2019\/10\/Zalacznik-nr-4-Wzor-umowy.docx\">Za\u0142\u0105cznik nr 4<\/a><\/p>\n<p><a href=\"http:\/\/lo6.szczecin.pl\/wp-content\/uploads\/2019\/10\/Zalacznik-nr-5-dokumentacja-projektowa.docx\">Za\u0142\u0105cznik nr 5<\/a><\/p>\n<p>Dokumentacja budowlana: <a href=\"http:\/\/lo6.szczecin.pl\/wp-content\/uploads\/2019\/10\/Specyfikacja-2016.pdf\">1<\/a>, <a href=\"http:\/\/lo6.szczecin.pl\/wp-content\/uploads\/2019\/10\/Specyfikacja-02.2019.pdf\">2<\/a>, <a href=\"http:\/\/lo6.szczecin.pl\/wp-content\/uploads\/2019\/10\/Stolarka-wymiana-07.2019-1.pdf\">3<\/a><\/p>\n<p><a href=\"http:\/\/lo6.szczecin.pl\/wp-content\/uploads\/2019\/10\/Zalacznik-nr-6-zobowiazanie.doc\">Za\u0142\u0105cznik nr 6<\/a><\/p>\n<p><a href=\"http:\/\/lo6.szczecin.pl\/wp-content\/uploads\/2019\/10\/harmonogram-okna-2.xlsx\">Harmonogram<\/a><\/p>\n<p>Typy okien &#8211; projekty: <a href=\"http:\/\/lo6.szczecin.pl\/wp-content\/uploads\/2019\/10\/okno-01-bilioteka.pdf\">1<\/a>, <a href=\"http:\/\/lo6.szczecin.pl\/wp-content\/uploads\/2019\/10\/okno-01-sekretariat-inwentaryzacja.pdf\">2<\/a>, <a href=\"http:\/\/lo6.szczecin.pl\/wp-content\/uploads\/2019\/10\/okno-01-sekretariat-projekt.pdf\">3<\/a>, <a href=\"http:\/\/lo6.szczecin.pl\/wp-content\/uploads\/2019\/10\/okno-02-sala-32.pdf\">4<\/a>, <a href=\"http:\/\/lo6.szczecin.pl\/wp-content\/uploads\/2019\/10\/okno-03-sala-31.pdf\">5<\/a>, <a href=\"http:\/\/lo6.szczecin.pl\/wp-content\/uploads\/2019\/10\/okno-04-sala-30.pdf\">6<\/a>, <a href=\"http:\/\/lo6.szczecin.pl\/wp-content\/uploads\/2019\/10\/okno-6-sala-6-inwentaryzacja.pdf\">7<\/a>, <a href=\"http:\/\/lo6.szczecin.pl\/wp-content\/uploads\/2019\/10\/okno-6-sala-6-projekt.pdf\">8,<\/a> <a href=\"http:\/\/lo6.szczecin.pl\/wp-content\/uploads\/2019\/10\/okno-15-sala-7-projekt.pdf\">9<\/a>, <a href=\"http:\/\/lo6.szczecin.pl\/wp-content\/uploads\/2019\/10\/okno-15-sala-7-inwentaryzacja.pdf\">10<\/a>, <a href=\"http:\/\/lo6.szczecin.pl\/wp-content\/uploads\/2019\/10\/okno-54-pn-inwentaryzacja.pdf\">11<\/a>, <a href=\"http:\/\/lo6.szczecin.pl\/wp-content\/uploads\/2019\/10\/okno-54-pn-projekt.pdf\">12<\/a><\/p>\n<p><a href=\"http:\/\/lo6.szczecin.pl\/wp-content\/uploads\/2019\/10\/przedmiar-07.2019.pdf\">Przedmiar<\/a><\/p>\n<p>&nbsp;<\/p>\n<p>&nbsp;<\/p>\n<p>&nbsp;<\/p>\n<hr \/>\n<p style=\"text-align: center;\">Og\u0142oszenie nr 561870-N-2019 z dnia 2019-06-17 r.<\/p>\n<p style=\"text-align: center;\"><strong>Wymiana stolarki okiennej na now\u0105 z profili drewnianych wraz z pracami towarzysz\u0105cymi<br \/>\nw VI Liceum Og\u00f3lnokszta\u0142c\u0105cym im. Stefana Czarnieckiego w Szczecinie<br \/>\nOG\u0141OSZENIE O ZAM\u00d3WIENIU &#8211; Roboty budowlane <\/strong>(opublikowano 17.06.2019 r.)<strong><br \/>\n<\/strong><\/p>\n<p>&nbsp;<\/p>\n<p>&nbsp;<\/p>\n<p><a href=\"http:\/\/lo6.szczecin.pl\/wp-content\/uploads\/2019\/07\/Informacja-o-wyborze-oferty.pdf\" target=\"_blank\" rel=\"noopener noreferrer\"><strong>INFORMACJA O WYBORZE OFERTY NAJKORZYSTNIEJSZEJ<\/strong><\/a> (opublikowane 29.07.2019 r.)<\/p>\n<p>&nbsp;<\/p>\n<p><a href=\"http:\/\/lo6.szczecin.pl\/wp-content\/uploads\/2019\/07\/o\u015bwiadczenie-gr.-kapita\u0142owa.doc\">O\u015bwiadczenie kapita\u0142owe<\/a> (opublikowane 05.07.2019 r.)<\/p>\n<p><a href=\"http:\/\/lo6.szczecin.pl\/wp-content\/uploads\/2019\/07\/Informacja-o-z\u0142ozonych-ofertach.pdf\"><strong>Informacja o z\u0142o\u017conych ofertach<\/strong><\/a> (opublikowane 05.07.2019 r.)<\/p>\n<p><a href=\"http:\/\/lo6.szczecin.pl\/wp-content\/uploads\/2019\/06\/ogloszenie.pdf\">Og\u0142oszenie<\/a><\/p>\n<p><a href=\"http:\/\/lo6.szczecin.pl\/wp-content\/uploads\/2019\/06\/Specyfikacja-wymiana-stolarki-okiennej.pdf\">Specyfikacja &#8211; wymiana stolarki okiennej<\/a><\/p>\n<p><a href=\"http:\/\/lo6.szczecin.pl\/wp-content\/uploads\/2019\/06\/SPEC-OKNA-LOVI.pdf\">Specyfikacja<\/a><\/p>\n<p><a href=\"http:\/\/lo6.szczecin.pl\/wp-content\/uploads\/2019\/06\/harmonogram-okna.xlsx\">Harmonogram<\/a><\/p>\n<p><a href=\"http:\/\/lo6.szczecin.pl\/wp-content\/uploads\/2019\/06\/powolanie-komisji.pdf\">Powo\u0142anie komisji<\/a><\/p>\n<p><a href=\"http:\/\/lo6.szczecin.pl\/wp-content\/uploads\/2019\/06\/Przedmiar-robot.pdf\">Pomiar rob\u00f3t <\/a>Sprostowanie b\u0142\u0119du wyst\u0119puj\u0105cego na str. 2 &#8211; Ksi\u0105\u017cka przedmiar\u00f3w: w pozycji Lp 4. powinny znajdowa\u0107 si\u0119 warto\u015bci zgodne z poz Lp. 1<\/p>\n<p><a href=\"http:\/\/lo6.szczecin.pl\/wp-content\/uploads\/2019\/06\/rys-1.pdf\">Rysunek 1<\/a><\/p>\n<p><a href=\"http:\/\/lo6.szczecin.pl\/wp-content\/uploads\/2019\/06\/rys-2.pdf\">Rysunek 2<\/a><\/p>\n<p><a href=\"http:\/\/lo6.szczecin.pl\/wp-content\/uploads\/2019\/06\/rys-3.pdf\">Rysunek 3<\/a><\/p>\n<p><a href=\"http:\/\/lo6.szczecin.pl\/wp-content\/uploads\/2019\/06\/rys-4.pdf\">Rysunek 4<\/a><\/p>\n<p><a href=\"http:\/\/lo6.szczecin.pl\/wp-content\/uploads\/2019\/06\/rys-5.pdf\">Rysunek 5<\/a><\/p>\n<p><a href=\"http:\/\/lo6.szczecin.pl\/wp-content\/uploads\/2019\/06\/rys-6.pdf\">Rysunek 6<\/a><\/p>\n<p><a href=\"http:\/\/lo6.szczecin.pl\/wp-content\/uploads\/2019\/06\/rysunek-12.pdf\">Rysunek 12<\/a><\/p>\n<p><a href=\"http:\/\/lo6.szczecin.pl\/wp-content\/uploads\/2019\/06\/rysunek-14.pdf\">Rysunek 14<\/a><\/p>\n<p><a href=\"http:\/\/lo6.szczecin.pl\/wp-content\/uploads\/2019\/06\/rysunek-18.pdf\">Rysunek 18<\/a><\/p>\n<p><a href=\"http:\/\/lo6.szczecin.pl\/wp-content\/uploads\/2019\/06\/rysunek-19.pdf\">Rysunek 19<\/a><\/p>\n<p><a href=\"http:\/\/lo6.szczecin.pl\/wp-content\/uploads\/2019\/06\/Zalacznik-nr-1-Formularz-oferty.doc\">Za\u0142\u0105cznik nr 1 &#8211; Formularz oferty<\/a><\/p>\n<p><a href=\"http:\/\/lo6.szczecin.pl\/wp-content\/uploads\/2019\/06\/Zalacznik-nr-2-Oswiadczenie-dot.-wykluczenia.docx\">Za\u0142\u0105cznik nr 2 &#8211; O\u015bwiadczenie dot. wykluczenia<\/a><\/p>\n<p><a href=\"http:\/\/lo6.szczecin.pl\/wp-content\/uploads\/2019\/06\/Zalacznik-nr-3-Oswiadczenie-wykonawcy.docx\">Za\u0142\u0105cznik nr 3 &#8211; O\u015bwiadczenie wykonawcy<\/a><\/p>\n<p><a href=\"http:\/\/lo6.szczecin.pl\/wp-content\/uploads\/2019\/06\/Zalacznik-nr-4-Wzor-umowy.docx\">Za\u0142\u0105cznik nr 4 &#8211; Wz\u00f3r umowy<\/a><\/p>\n<p><a href=\"http:\/\/lo6.szczecin.pl\/wp-content\/uploads\/2019\/06\/Zalacznik-nr-6-zobowiazania.doc\">Za\u0142\u0105cznik nr 6 &#8211; zobowi\u0105zania<\/a><\/p>\n<p>&nbsp;<\/p>\n<p>&nbsp;<\/p>\n<p>&nbsp;<\/p>\n<p>&nbsp;<\/p>\n<p>&nbsp;<\/p>\n<p>&nbsp;<\/p>\n<p>&nbsp;<\/p>\n<p>&nbsp;<\/p>\n","protected":false},"excerpt":{"rendered":"<p>&nbsp; &nbsp; &nbsp; &nbsp; Przetargi VI LO &nbsp; Og\u0142oszenie Nr 03\/2021 z dnia 21.06.2021 r. VI Liceum Og\u00f3lnokszta\u0142c\u0105ce im. Stefana Czarnieckiego w Szczecinie og\u0142asza przetarg na: Wynajem pomieszcze\u0144 (sklepik szkolny) na terenie VI Liceum Og\u00f3lnokszta\u0142c\u0105cego im. Stefana Czarnieckiego w Szczecinie &nbsp; Za\u0142\u0105cznik nr 1 do og\u0142oszenia NR 03\/2021 &#8211; formularz oferty Za\u0142\u0105cznik nr 2 do&#8230;<\/p>\n","protected":false},"author":3,"featured_media":0,"parent":0,"menu_order":0,"comment_status":"closed","ping_status":"closed","template":"","meta":{"_acf_changed":false,"_s2mail":"","footnotes":""},"class_list":["post-7892","page","type-page","status-publish","hentry"],"acf":[],"_links":{"self":[{"href":"https:\/\/lo6.szczecin.pl\/index.php\/wp-json\/wp\/v2\/pages\/7892","targetHints":{"allow":["GET"]}}],"collection":[{"href":"https:\/\/lo6.szczecin.pl\/index.php\/wp-json\/wp\/v2\/pages"}],"about":[{"href":"https:\/\/lo6.szczecin.pl\/index.php\/wp-json\/wp\/v2\/types\/page"}],"author":[{"embeddable":true,"href":"https:\/\/lo6.szczecin.pl\/index.php\/wp-json\/wp\/v2\/users\/3"}],"replies":[{"embeddable":true,"href":"https:\/\/lo6.szczecin.pl\/index.php\/wp-json\/wp\/v2\/comments?post=7892"}],"version-history":[{"count":48,"href":"https:\/\/lo6.szczecin.pl\/index.php\/wp-json\/wp\/v2\/pages\/7892\/revisions"}],"predecessor-version":[{"id":10169,"href":"https:\/\/lo6.szczecin.pl\/index.php\/wp-json\/wp\/v2\/pages\/7892\/revisions\/10169"}],"wp:attachment":[{"href":"https:\/\/lo6.szczecin.pl\/index.php\/wp-json\/wp\/v2\/media?parent=7892"}],"curies":[{"name":"wp","href":"https:\/\/api.w.org\/{rel}","templated":true}]}}