{"id":6900,"date":"2018-09-13T13:06:36","date_gmt":"2018-09-13T11:06:36","guid":{"rendered":"http:\/\/lo6.szczecin.pl\/?page_id=6900"},"modified":"2020-01-31T14:57:44","modified_gmt":"2020-01-31T13:57:44","slug":"konsultacje-i-kola","status":"publish","type":"page","link":"https:\/\/lo6.szczecin.pl\/index.php\/konsultacje-i-kola\/","title":{"rendered":"Ko\u0142a i konsultacje"},"content":{"rendered":"<p><span style=\"font-size: 14pt;\"><strong>Ko\u0142a i konsultacje dla uczni\u00f3w w roku szkolny 2019\/2020<\/strong><\/span><\/p>\n<table style=\"width: 1045.4px; border-color: #666161;\" border=\"1\">\n<tbody>\n<tr style=\"height: 24px;\">\n<td style=\"width: 587px; height: 24px;\">Algorytm, czyli spos\u00f3b dzia\u0142ania komputera<\/td>\n<td style=\"width: 159px; height: 24px;\">wtorek, \u015broda 14:15<\/td>\n<td style=\"width: 273.4px; height: 24px;\">M. Reszczy\u0144ska<\/td>\n<\/tr>\n<tr style=\"height: 24px;\">\n<td style=\"width: 587px; height: 24px;\">U progu medycyny &#8211; warsztaty dla ucz. szk\u00f3\u0142 podstawowych<\/td>\n<td style=\"width: 159px; height: 24px;\">\u015broda 16:30<\/td>\n<td style=\"width: 273.4px; height: 24px;\">M. Bohonos, K. Kurpios, M. \u0141uczak<\/td>\n<\/tr>\n<tr style=\"height: 24px;\">\n<td style=\"width: 587px; height: 24px;\">Program j\u0119zyka niemieckiego przygotowuj\u0105cy do egzaminu maturalnego na PP i PR<\/td>\n<td style=\"width: 159px; height: 24px;\">poniedzia\u0142ek 14:25<\/td>\n<td style=\"width: 273.4px; height: 24px;\">M. Kleszcz, L. Kitzman<\/td>\n<\/tr>\n<tr style=\"height: 24px;\">\n<td style=\"width: 587px; height: 24px;\">Uczniu zainwestuj w siebie &#8211; jeste\u015b tego wart!<\/td>\n<td style=\"width: 159px; height: 24px;\">\u015broda 14:25<\/td>\n<td style=\"width: 273.4px; height: 24px;\">M. Kleszcz, L. Kitzman<\/td>\n<\/tr>\n<tr style=\"height: 24px;\">\n<td style=\"width: 587px; height: 24px;\">Skuteczna komunikacja kluczem do sukcesu j\u0119zykowego<\/td>\n<td style=\"width: 159px; height: 24px;\">poniedzia\u0142ek 14:25<\/td>\n<td style=\"width: 273.4px; height: 24px;\">A. Kokot<\/td>\n<\/tr>\n<tr style=\"height: 24px;\">\n<td style=\"width: 587px; height: 24px;\">J\u0119zyk rosyjski &#8211; warto zna\u0107<\/td>\n<td style=\"width: 159px; height: 24px;\">wtorek, pi\u0105tek 7:45<\/td>\n<td style=\"width: 273.4px; height: 24px;\">G. Nadziejko-Jura<\/td>\n<\/tr>\n<tr style=\"height: 24px;\">\n<td style=\"width: 587px; height: 24px;\">J\u0119zyk angielski w coachingu<\/td>\n<td style=\"width: 159px; height: 24px;\">poniedzia\u0142ek 15:10<\/td>\n<td style=\"width: 273.4px; height: 24px;\">M. Kulasiewicz-Drula<\/td>\n<\/tr>\n<tr style=\"height: 24px;\">\n<td style=\"width: 587px; height: 24px;\">Niemiecki to warto\u015bciowy j\u0119zyk<\/td>\n<td style=\"width: 159px; height: 24px;\"><\/td>\n<td style=\"width: 273.4px; height: 24px;\">I. Organiszczak<\/td>\n<\/tr>\n<tr style=\"height: 24px;\">\n<td style=\"width: 587px; height: 24px;\">Szkolne Ko\u0142o Naukowe Biolog\u00f3w Pasjonat\u00f3w cz. 1 i 2<\/td>\n<td style=\"width: 159px; height: 24px;\">wtorek 7:45<\/td>\n<td style=\"width: 273.4px; height: 24px;\">B. Ulchurska-Jackowska<\/td>\n<\/tr>\n<tr style=\"height: 24px;\">\n<td style=\"width: 587px; height: 24px;\">Ko\u0142o historyczne<\/td>\n<td style=\"width: 159px; height: 24px;\">poniedzia\u0142ek 15:15<\/td>\n<td style=\"width: 273.4px; height: 24px;\">D. Oko\u0144<\/td>\n<\/tr>\n<tr style=\"height: 24px;\">\n<td style=\"width: 587px; height: 24px;\">Ko\u0142o debat Oksfordzkich<\/td>\n<td style=\"width: 159px; height: 24px;\">\u015broda 15:15<\/td>\n<td style=\"width: 273.4px; height: 24px;\">D. Oko\u0144<\/td>\n<\/tr>\n<tr style=\"height: 24px;\">\n<td style=\"width: 587px; height: 24px;\">Organizm cz\u0142owieka naturalnym i sprawnym laboratorium biochemicznym<\/td>\n<td style=\"width: 159px; height: 24px;\">poniedzia\u0142ek 7:45<\/td>\n<td style=\"width: 273.4px; height: 24px;\">K. Kurpios<\/td>\n<\/tr>\n<tr style=\"height: 24px;\">\n<td style=\"width: 587px; height: 24px;\">Zastosowanie matematyki w chemii<\/td>\n<td style=\"width: 159px; height: 24px;\">poniedzia\u0142ek 14:24<\/td>\n<td style=\"width: 273.4px; height: 24px;\">K. Kurpios<\/td>\n<\/tr>\n<tr style=\"height: 24px;\">\n<td style=\"width: 587px; height: 24px;\">Ko\u0142o szachowe<\/td>\n<td style=\"width: 159px; height: 24px;\">pi\u0105tek<\/td>\n<td style=\"width: 273.4px; height: 24px;\">D. Oko\u0144<\/td>\n<\/tr>\n<tr style=\"height: 24px;\">\n<td style=\"width: 587px; height: 24px;\">Ko\u0142o fizyczne Kwant<\/td>\n<td style=\"width: 159px; height: 24px;\">wtorek 15:10<\/td>\n<td style=\"width: 273.4px; height: 24px;\">Z. Trzaska<\/td>\n<\/tr>\n<tr style=\"height: 24px;\">\n<td style=\"width: 587px; height: 24px;\">Z poprawn\u0105 polszczyzn\u0105 na co dzie\u0144<\/td>\n<td style=\"width: 159px; height: 24px;\">poniedzia\u0142ek 13:15<\/td>\n<td style=\"width: 273.4px; height: 24px;\">T. Witkiewicz<\/td>\n<\/tr>\n<tr style=\"height: 24px;\">\n<td style=\"width: 587px; height: 24px;\">Dyskusyjny klub filmowy<\/td>\n<td style=\"width: 159px; height: 24px;\">poniedzia\u0142ek 15:15<\/td>\n<td style=\"width: 273.4px; height: 24px;\">B. Przybylska-Jankowska<\/td>\n<\/tr>\n<tr style=\"height: 24px;\">\n<td style=\"width: 587px; height: 24px;\">Edukacja medialna<\/td>\n<td style=\"width: 159px; height: 24px;\">pi\u0105tek 7:45<\/td>\n<td style=\"width: 273.4px; height: 24px;\">A. Roman<\/td>\n<\/tr>\n<tr style=\"height: 48px;\">\n<td style=\"width: 587px; height: 48px;\">Matematyka ma moc<\/td>\n<td style=\"width: 159px; height: 48px;\">\u015broda 8:35,<br \/>\nczwartek 14:25<\/td>\n<td style=\"width: 273.4px; height: 48px;\">M. Bohonos<\/td>\n<\/tr>\n<tr style=\"height: 24px;\">\n<td style=\"width: 587px; height: 24px;\">Do\u015bwiadczy\u0107 chemii<\/td>\n<td style=\"width: 159px; height: 24px;\">czwartek 7:45<\/td>\n<td style=\"width: 273.4px; height: 24px;\">K. Kurpios<\/td>\n<\/tr>\n<tr style=\"height: 24px;\">\n<td style=\"width: 587px; height: 24px;\">Promocja zdrowia<\/td>\n<td style=\"width: 159px; height: 24px;\">czwartek 13:30<\/td>\n<td style=\"width: 273.4px; height: 24px;\">M. \u0141uczak<\/td>\n<\/tr>\n<tr style=\"height: 24px;\">\n<td style=\"width: 587px; height: 24px;\">ODYSEJA BIOLOGII<\/td>\n<td style=\"width: 159px; height: 24px;\">poniedzia\u0142ek 8:35<\/td>\n<td style=\"width: 273.4px; height: 24px;\">M. \u0141uczak<\/td>\n<\/tr>\n<tr style=\"height: 24px;\">\n<td style=\"width: 587px; height: 24px;\">Konsultacje historyczne<\/td>\n<td style=\"width: 159px; height: 24px;\">wtorek 8:00<\/td>\n<td style=\"width: 273.4px; height: 24px;\">A. \u017begli\u0144ska<\/td>\n<\/tr>\n<tr style=\"height: 24px;\">\n<td style=\"width: 587px; height: 24px;\">Konsultacje matematyczne<\/td>\n<td style=\"width: 159px; height: 24px;\">pi\u0105tek 14:15<\/td>\n<td style=\"width: 273.4px; height: 24px;\">B. Kowalska<\/td>\n<\/tr>\n<tr style=\"height: 24px;\">\n<td style=\"width: 587px; height: 24px;\">Konsultacje chemiczne<\/td>\n<td style=\"width: 159px; height: 24px;\">pi\u0105tek 7:45<\/td>\n<td style=\"width: 273.4px; height: 24px;\">R. \u015awierkowski<\/td>\n<\/tr>\n<\/tbody>\n<\/table>\n<p>&nbsp;<\/p>\n","protected":false},"excerpt":{"rendered":"<p>Ko\u0142a i konsultacje dla uczni\u00f3w w roku szkolny 2019\/2020 Algorytm, czyli spos\u00f3b dzia\u0142ania komputera wtorek, \u015broda 14:15 M. Reszczy\u0144ska U progu medycyny &#8211; warsztaty dla ucz. szk\u00f3\u0142 podstawowych \u015broda 16:30 M. Bohonos, K. Kurpios, M. \u0141uczak Program j\u0119zyka niemieckiego przygotowuj\u0105cy do egzaminu maturalnego na PP i PR poniedzia\u0142ek 14:25 M. Kleszcz, L. Kitzman Uczniu zainwestuj&#8230;<\/p>\n","protected":false},"author":3,"featured_media":0,"parent":0,"menu_order":0,"comment_status":"closed","ping_status":"closed","template":"","meta":{"_acf_changed":false,"_s2mail":"","footnotes":""},"class_list":["post-6900","page","type-page","status-publish","hentry"],"acf":[],"_links":{"self":[{"href":"https:\/\/lo6.szczecin.pl\/index.php\/wp-json\/wp\/v2\/pages\/6900","targetHints":{"allow":["GET"]}}],"collection":[{"href":"https:\/\/lo6.szczecin.pl\/index.php\/wp-json\/wp\/v2\/pages"}],"about":[{"href":"https:\/\/lo6.szczecin.pl\/index.php\/wp-json\/wp\/v2\/types\/page"}],"author":[{"embeddable":true,"href":"https:\/\/lo6.szczecin.pl\/index.php\/wp-json\/wp\/v2\/users\/3"}],"replies":[{"embeddable":true,"href":"https:\/\/lo6.szczecin.pl\/index.php\/wp-json\/wp\/v2\/comments?post=6900"}],"version-history":[{"count":22,"href":"https:\/\/lo6.szczecin.pl\/index.php\/wp-json\/wp\/v2\/pages\/6900\/revisions"}],"predecessor-version":[{"id":6930,"href":"https:\/\/lo6.szczecin.pl\/index.php\/wp-json\/wp\/v2\/pages\/6900\/revisions\/6930"}],"wp:attachment":[{"href":"https:\/\/lo6.szczecin.pl\/index.php\/wp-json\/wp\/v2\/media?parent=6900"}],"curies":[{"name":"wp","href":"https:\/\/api.w.org\/{rel}","templated":true}]}}