{"id":3614,"date":"2017-03-28T23:15:39","date_gmt":"2017-03-28T21:15:39","guid":{"rendered":"http:\/\/aero360.pl\/?page_id=3614"},"modified":"2023-02-08T11:42:41","modified_gmt":"2023-02-08T10:42:41","slug":"patron","status":"publish","type":"page","link":"https:\/\/lo6.szczecin.pl\/index.php\/patron\/","title":{"rendered":"Historia szko\u0142y"},"content":{"rendered":"<p>[vc_row][vc_column]<h3 class=\"mpc-vc-deco-header vc_txt_align_center\"><span class=\"mpcth-color-main-border\">STEFAN CZARNIECKI<\/span><\/h3>[\/vc_column][\/vc_row][vc_row css_animation=&#8221;left-to-right&#8221; overlay_pattern_opacity=&#8221;50&#8243; padding=&#8221;1em 0em 0em 0em&#8221;][vc_column width=&#8221;1\/2&#8243;][vc_gallery type=&#8221;flexslider_slide&#8221; interval=&#8221;3&#8243; images=&#8221;4047,4048,4049,4050,4051&#8243; img_size=&#8221;1200&#215;800&#8243;][vc_separator css_animation=&#8221;fadeInLeft&#8221;][\/vc_column][vc_column width=&#8221;1\/2&#8243;][vc_column_text]<b>STEFAN CZARNIECKI<\/b> herbu \u0141odzia, ur. 1599 r. w Czarncy, zm. 16.02.1665 r. w Soko\u0142\u00f3wce, kasztelan kijowski, wojewoda ruski, hetman polny koronny. Pochodzi\u0142 ze \u015bredniozamo\u017cnej szlachty. Od wczesnej m\u0142odo\u015bci s\u0142u\u017cy\u0142 w wojsku. Walczy\u0142 w kampanii szwedzkiej (1626-1629 r.). Z chwil\u0105 wybuchu powstania na Ukrainie (1648 r.) jako rotmistrz bra\u0142 udzia\u0142 w walkach z Chmielnickim, pod \u017b\u00f3\u0142tymi Wodami dosta\u0142 si\u0119 do niewoli tatarskiej, p\u00f3\u017aniej kozackiej, w kt\u00f3rej przebywa\u0142 do 1649 r.<\/p>\n<p>By\u0142 jednym z g\u0142\u00f3wnych doradc\u00f3w wojskowych Jana Kazimierza, spowodowa\u0142 marsz wojsk kr\u00f3lewskich pod Beresteczko (1651 r.) i przyj\u0119cie bitwy, w kt\u00f3rej uczestniczy\u0142 w randze pu\u0142kownika. W czasie wojny ze Szwedami (1655 r.) sta\u0142 wiernie przy kr\u00f3lu. Jesieni\u0105 1655 r. broni\u0142 obl\u0119\u017conego przez Szwed\u00f3w Krakowa, a po kapitulacji miasta przeszed\u0142 na \u015al\u0105sk. Przyst\u0105pi\u0142 do konfederacji w Tyszowcach. Mianowany przez Jana Kazimierza regimentarzem, obj\u0105\u0142 prowadzenie kampanii przeciw Szwedom, a po kl\u0119sce pod Go\u0142\u0119biem unika\u0142 spotka\u0144 z przeciwnikiem na otwartym polu, stosuj\u0105c taktyk\u0119 tzw. wojny szarpanej podjazdowej. Po \u015bwietnie rozegranej kampanii wiosennej, podczas kt\u00f3rej odni\u00f3s\u0142 zwyci\u0119stwo pod Wark\u0105 (7 IV 1656 r.), wkroczy\u0142 na Pomorze, zaj\u0105\u0142 Bydgoszcz i Tuchol\u0119.<\/p>\n<p>Bra\u0142 udzia\u0142 w obl\u0119\u017ceniu Warszawy, kt\u00f3r\u0105 zdoby\u0142 przy wsp\u00f3\u0142udziale ch\u0142opc\u00f3w i posp\u00f3lstwa miejskiego. W czasie najazdu na Polsk\u0119 (1657 r.) sprzymierze\u0144ca szwedzkiego, J. Rakoczego, osaczy\u0142 jego armi\u0119 i zmusi\u0142 j\u0105 do kapitulacji pod Czarnym Ostrowiem. Nast\u0119pnym posuni\u0119ciem uwolni\u0142 Krak\u00f3w, a stamt\u0105d przerzuci\u0142 si\u0119 na Pomorze Zachodnie (w\u00f3wczas nale\u017c\u0105ce o Szwecji). W 1658 r. ruszy\u0142 na czele korpusu ekspedycyjnego na pomoc sprzymierzonej z Polsk\u0105 Danii, ws\u0142awiaj\u0105c si\u0119 zdobyciem wyspy Als oraz twierdzy Koldyngii. Po zawarciu ze Szwecj\u0105 pokoju oliwskiego rozpocz\u0105\u0142 dzia\u0142ania wojenne przeciw Moskwie, odnosz\u0105c zwyci\u0119stwo pod Po\u0142onk\u0105 (1660 r.). Po przerwie, wywo\u0142anej przez konfederacj\u0119 niep\u0142atnego \u017co\u0142nierza (1661-1663 r.), podj\u0105\u0142 dalsz\u0105 walk\u0119 przeciw Moskwie, a nast\u0119pnie przeciw powsta\u0144com ukrai\u0144skim.<\/p>\n<p>Os\u0142abiony wskutek wielu odniesionych ran, zmar\u0142 w drodze powrotnej do Lwowa. Na \u0142o\u017cu \u015bmierci otrzyma\u0142 bu\u0142aw\u0119 hetma\u0144sk\u0105. By\u0142 wzorem \u017co\u0142nierza, surowy &#8211; od swych podkomendnych wymaga\u0142 pos\u0142usze\u0144stwa. By\u0142 mistrzem wojny podjazdowej, jego taktyka wojenna odznacza\u0142a si\u0119 szybko\u015bci\u0105 i sprawno\u015bci\u0105 marsz\u00f3w oraz b\u0142yskawiczno\u015bci\u0105 zwrot\u00f3w podczas bitew. Odegra\u0142 wybitn\u0105 rol\u0119 w okresie najazdu szwedzkiego, &#8216;potopu&#8217;. \u017bycie jego up\u0142yn\u0119\u0142o w polu. Przypisywane mu powiedzenie &#8216;Ja nie z soli ani z roli, ale z tego, co mnie boli wyros\u0142em&#8217; charakteryzuje jego wyj\u0105tkowe miejsce w\u015br\u00f3d dostojnik\u00f3w Rzeczypospolitej, kt\u00f3rych na stanowiska wynosi\u0142a pozycja i maj\u0105tek, a nie zas\u0142ugi. Przeszed\u0142 do historii jako wz\u00f3r niez\u0142omnego i ofiarnego \u017co\u0142nierza. Jako jedyny wymieniony jest w Mazurku D\u0105browskiego.[\/vc_column_text][\/vc_column][\/vc_row][vc_row][vc_column]<h3 class=\"mpc-vc-deco-header vc_txt_align_center\"><span class=\"mpcth-color-main-border\">Poczet Sztandarowy<\/span><\/h3>[vc_row_inner][vc_column_inner width=&#8221;1\/2&#8243;][vc_gallery interval=&#8221;3&#8243; images=&#8221;11401,11402&#8243; img_size=&#8221;900&#215;1400&#8243;][\/vc_column_inner][vc_column_inner width=&#8221;1\/2&#8243;][vc_column_text]Sk\u0142ad I:<\/p>\n<ul>\n<li><\/li>\n<\/ul>\n<p>Sk\u0142ad II:<\/p>\n<ul>\n<li><\/li>\n<\/ul>\n<p>[\/vc_column_text][\/vc_column_inner][\/vc_row_inner][\/vc_column][\/vc_row]<\/p>\n","protected":false},"excerpt":{"rendered":"<p>[vc_row][vc_column][\/vc_column][\/vc_row][vc_row css_animation=&#8221;left-to-right&#8221; overlay_pattern_opacity=&#8221;50&#8243; padding=&#8221;1em 0em 0em 0em&#8221;][vc_column width=&#8221;1\/2&#8243;][vc_gallery type=&#8221;flexslider_slide&#8221; interval=&#8221;3&#8243; images=&#8221;4047,4048,4049,4050,4051&#8243; img_size=&#8221;1200&#215;800&#8243;][vc_separator css_animation=&#8221;fadeInLeft&#8221;][\/vc_column][vc_column width=&#8221;1\/2&#8243;][vc_column_text]STEFAN CZARNIECKI herbu \u0141odzia, ur. 1599 r. w Czarncy, zm. 16.02.1665 r. w Soko\u0142\u00f3wce, kasztelan kijowski, wojewoda ruski, hetman polny koronny. Pochodzi\u0142 ze \u015bredniozamo\u017cnej szlachty. Od wczesnej m\u0142odo\u015bci s\u0142u\u017cy\u0142 w wojsku. Walczy\u0142 w kampanii szwedzkiej (1626-1629 r.). Z chwil\u0105 wybuchu powstania na&#8230;<\/p>\n","protected":false},"author":3,"featured_media":0,"parent":0,"menu_order":0,"comment_status":"closed","ping_status":"closed","template":"","meta":{"_acf_changed":false,"_s2mail":"","footnotes":""},"class_list":["post-3614","page","type-page","status-publish","hentry"],"acf":[],"_links":{"self":[{"href":"https:\/\/lo6.szczecin.pl\/index.php\/wp-json\/wp\/v2\/pages\/3614","targetHints":{"allow":["GET"]}}],"collection":[{"href":"https:\/\/lo6.szczecin.pl\/index.php\/wp-json\/wp\/v2\/pages"}],"about":[{"href":"https:\/\/lo6.szczecin.pl\/index.php\/wp-json\/wp\/v2\/types\/page"}],"author":[{"embeddable":true,"href":"https:\/\/lo6.szczecin.pl\/index.php\/wp-json\/wp\/v2\/users\/3"}],"replies":[{"embeddable":true,"href":"https:\/\/lo6.szczecin.pl\/index.php\/wp-json\/wp\/v2\/comments?post=3614"}],"version-history":[{"count":13,"href":"https:\/\/lo6.szczecin.pl\/index.php\/wp-json\/wp\/v2\/pages\/3614\/revisions"}],"predecessor-version":[{"id":11404,"href":"https:\/\/lo6.szczecin.pl\/index.php\/wp-json\/wp\/v2\/pages\/3614\/revisions\/11404"}],"wp:attachment":[{"href":"https:\/\/lo6.szczecin.pl\/index.php\/wp-json\/wp\/v2\/media?parent=3614"}],"curies":[{"name":"wp","href":"https:\/\/api.w.org\/{rel}","templated":true}]}}